{"id":7149,"date":"2020-06-03T15:43:15","date_gmt":"2020-06-03T19:43:15","guid":{"rendered":"https:\/\/www.mencare.org\/?page_id=7149"},"modified":"2021-06-04T16:50:00","modified_gmt":"2021-06-04T20:50:00","slug":"howicare","status":"publish","type":"page","link":"http:\/\/www.mencare.org\/pt\/what-we-do\/advocacy\/howicare\/","title":{"rendered":"#ComoEuCuidar"},"content":{"rendered":"<h1>Lan\u00e7amento na quinta-feira, 18 de junho, antes do Dia dos Pais de 2020:<\/h1>\n<h2>Junte-se a n\u00f3s para mostrar uns aos outros como voc\u00ea cuida de seus filhos \u2013 assim como de sua fam\u00edlia, sua comunidade e de voc\u00ea mesmo \u2013 e para defender o apoio a todos os pais e cuidadores.<\/h2>\n<h2>Visite o\u00a0<a href=\"https:\/\/spark.adobe.com\/page\/D0x6EnjpyDGs6\/\" target=\"_blank\" rel=\"noopener\" data-saferedirecturl=\"https:\/\/www.google.com\/url?q=http:\/\/bit.ly\/HowICare_SocialToolkit&amp;source=gmail&amp;ust=1592568605411000&amp;usg=AFQjCNF7F4Gd6hHIv7m-vTCSMgBb7v6zYg\">kit de ferramentas de m\u00eddia social<\/a> para baixar gr\u00e1ficos e mensagens #HowICare.<\/h2>\n<div class=\"radius-fix\"><img loading=\"lazy\" decoding=\"async\" class=\"fullwidth alignnone wp-image-7152 size-full\" src=\"https:\/\/www.mencare.org\/wp-content\/uploads\/2020\/06\/how-I-care-banner.jpg\" alt=\"\" width=\"1200\" height=\"630\" srcset=\"http:\/\/www.mencare.org\/wp-content\/uploads\/2020\/06\/how-I-care-banner.jpg 1200w, http:\/\/www.mencare.org\/wp-content\/uploads\/2020\/06\/how-I-care-banner-300x158.jpg 300w, http:\/\/www.mencare.org\/wp-content\/uploads\/2020\/06\/how-I-care-banner-768x403.jpg 768w, http:\/\/www.mencare.org\/wp-content\/uploads\/2020\/06\/how-I-care-banner-1024x538.jpg 1024w\" sizes=\"auto, (max-width: 1200px) 100vw, 1200px\" \/><\/div>\n<h1><b>Sobre a campanha #HowICare<\/b><\/h1>\n<h3>Junte-se a n\u00f3s em 18 de junho de 2020, antes do Dia dos Pais (em muitos pa\u00edses): #HowICare, liderado pela Equimundo e Oxfam, \u00e9 um projeto internacional da MenCare: A Global Fatherhood Campaign.<\/h3>\n<p><span style=\"font-weight: 400;\">A Campanha #HowICare, lan\u00e7ada em 18 de junho de 2020, \u00e9 liderada pela Equimundo e Oxfam como um projeto internacional da MenCare: A Global Fatherhood Campaign, ativa em mais de 55 pa\u00edses. Uma campanha de m\u00eddia social informada por dados, #HowICare visa lan\u00e7ar luz sobre as realidades, dificuldades e disparidades de fornecer cuidados \u2014 especificamente no cuidado de crian\u00e7as, a fim de defender suporte adicional para cuidadores \u2014 incluindo os pais e cuidadores que s\u00e3o mais impactados \u2014 durante a crise da COVID-19 e al\u00e9m. Tamb\u00e9m visa ativar os homens como indiv\u00edduos, empregadores e defensores para garantir que o cuidado seja uma responsabilidade coletiva: compartilhada igualmente e apoiada por estruturas e pol\u00edticas. Esta campanha internacional apresentar\u00e1 novos dados de pesquisas de resposta r\u00e1pida dos Estados Unidos, Canad\u00e1, Reino Unido, Filipinas e Qu\u00eania.<\/span><\/p>\n<p><span style=\"font-weight: 400;\"> Basear-se-\u00e1 na experi\u00eancia de mais de 100 parceiros em mais de 55 pa\u00edses e pretende lan\u00e7ar luz<\/span> <span style=\"font-weight: 400;\">sobre as formas como os indiv\u00edduos em todo o mundo est\u00e3o <\/span><b>indo al\u00e9m<\/b><span style=\"font-weight: 400;\"> para garantir que suas fam\u00edlias sejam cuidadas, para <\/span><b>criar um di\u00e1logo global e um senso de comunidade<\/b><span style=\"font-weight: 400;\">, e para <\/span><b>defensor da mudan\u00e7a de pol\u00edtica<\/b><span style=\"font-weight: 400;\"> e financiamento para apoiar pais e todos os cuidadores. Este momento e o Dia dos Pais tamb\u00e9m fornecem um momento em particular para os homens \u2013 como indiv\u00edduos, empregadores e defensores \u2013 se unirem como parceiros plenos para garantir que o cuidado seja uma responsabilidade coletiva: compartilhada igualmente e apoiada por estruturas e pol\u00edticas.<\/span><\/p>\n<h3><strong>Na quinta-feira, 18 de junho, junte-se a n\u00f3s no Twitter, usando #HowICare e marcando @MenCareGlobal (assim como @Equimundo_US, @Oxfam e @OxfamAmerica).<\/strong><\/h3>\n<h1><b>Por que uma campanha #HowICare<\/b><\/h1>\n<p><span style=\"font-weight: 400;\">Estamos em uma posi\u00e7\u00e3o sem precedentes para repensar o que significa cuidar de nossos entes queridos, de nossas comunidades e de n\u00f3s mesmos. A responsabilidade da parentalidade (assim como outras responsabilidades de cuidados n\u00e3o remunerados) \u2013 que as mulheres ao redor do mundo assumem em uma taxa maior \u2013 est\u00e1 mudando e aumentando. Nossos c\u00edrculos de cuidado tamb\u00e9m est\u00e3o se expandindo. Essa mudan\u00e7a, provocada pela dissemina\u00e7\u00e3o da COVID-19, tem sido acompanhada de estresse, confus\u00e3o e incerteza. Tamb\u00e9m est\u00e1 trazendo muitos de n\u00f3s de volta ao que importa, a quem importa e a como podemos apoiar uns aos outros.\u00a0\u00a0<\/span><\/p>\n<p><span style=\"font-weight: 400;\">Globalmente, sabemos que as mulheres realizam tr\u00eas vezes mais tarefas dom\u00e9sticas e de cuidados com as crian\u00e7as do que os homens (as mulheres tamb\u00e9m representam mais de 80% dos cuidadores remunerados, desde servi\u00e7os de sa\u00fade at\u00e9 a primeira inf\u00e2ncia). <\/span><b>Agora, mais do que nunca, precisamos de uma mudan\u00e7a radical:<\/b><span style=\"font-weight: 400;\"> em quem faz o trabalho de cuidado em casa \u2013 com os homens assumindo uma parte igual \u2013 em como apoiamos aqueles que fazem o trabalho de cuidado dentro de nossas comunidades, e em como apoiamos pais e cuidadores para cuidar de crian\u00e7as \u2013 particularmente aqueles que s\u00e3o mais impactados, incluindo: pais solteiros, pessoas de cor (particularmente no Norte Global), trabalhadores essenciais e fam\u00edlias de baixa renda. O trabalho de cuidar de crian\u00e7as \u2013 e outros \u2013 precisa ser valorizado, pago, apoiado e totalmente igual em termos de homens fazendo sua parte justa e igual, tanto no trabalho de cuidado pago quanto no n\u00e3o pago.<\/span><\/p>\n<h1><b>O Global Pergunta<\/b><\/h1>\n<h3><b>Junte-se a n\u00f3s na defesa da acelera\u00e7\u00e3o da absor\u00e7\u00e3o de 50% do trabalho de cuidado n\u00e3o remunerado pelos homens e das pol\u00edticas governamentais para apoiar todos os cuidadores.\u00a0<\/b><\/h3>\n<div>Como parte da Campanha #HowICare, estamos pedindo:<\/div>\n<ol>\n<li>Todos os indiv\u00edduos devem ter acesso a\u00a0<b>licen\u00e7a m\u00e9dica e familiar remunerada<\/b>\u00a0no trabalho e para fortalecer e expandir as prote\u00e7\u00f5es dos trabalhadores para incluir as necessidades de assist\u00eancia.<\/li>\n<li>A quantidade de <b>licen\u00e7a remunerada<\/b> ser aumentado, pago a 100% e estar dispon\u00edvel para ser usado por uma ampla gama de raz\u00f5es.<\/li>\n<li>Igual, totalmente pago, intransfer\u00edvel\u00a0<b>licen\u00e7a parental para todos os pais<\/b>, como um complemento \u00e0 licen\u00e7a-maternidade, n\u00e3o uma alternativa; e licen\u00e7a-fam\u00edlia para todos.<\/li>\n<li>A\u00e7\u00e3o imediata para garantir que os existentes\u00a0<b>infraestruturas de acolhimento de crian\u00e7as<\/b>\u00a0sobreviver \u00e0 pandemia de COVID-19.<\/li>\n<li>O desafio e a mudan\u00e7a de\u00a0<b>normas prejudiciais e cren\u00e7as sexistas<\/b>\u00a0\u2013 particularmente quando se trata da no\u00e7\u00e3o de que o cuidado \u00e9 responsabilidade exclusiva das mulheres.<\/li>\n<li><b>Hor\u00e1rio de trabalho flex\u00edvel <\/b>e condi\u00e7\u00f5es, bem como controle de cronograma para funcion\u00e1rios.<\/li>\n<li><b>Prote\u00e7\u00e3o social\u00a0<\/b>programas de apoio aos cuidadores e reconhecimento do cuidado como trabalho.<\/li>\n<\/ol>\n<h1>Quem pode participar e como?<\/h1>\n<p><span style=\"font-weight: 400;\">Por uma semana, <\/span><b>lan\u00e7amento quinta-feira, 18 de junho <\/b><span style=\"font-weight: 400;\">atrav\u00e9s<\/span><b> Quarta-feira, 24 de junho<\/b> <span style=\"font-weight: 400;\">\u2013 antes e depois do Dia dos Pais (21 de junho, em muitos pa\u00edses):<\/span><\/p>\n<p><span style=\"font-weight: 400;\">N\u00f3s estamos perguntando <\/span><span style=\"font-weight: 400;\">indiv\u00edduos, organiza\u00e7\u00f5es e empregadores para se juntarem a n\u00f3s no Twitter, usando <\/span><b>#ComoEuCuidar <\/b><span style=\"font-weight: 400;\">e marcando @MenCareGlobal (assim como @Equimundo_US, @Oxfam e @OxfamAmerica quando poss\u00edvel).<\/span><\/p>\n<p><a href=\"https:\/\/spark.adobe.com\/page\/D0x6EnjpyDGs6\/\" target=\"_blank\" rel=\"noopener\">Baixe gr\u00e1ficos e mensagens #HowICare<\/a>.<\/p>\n<p>Acesse os Toolkits de Parceiros de Campanha \u2013 <a href=\"https:\/\/docs.google.com\/document\/d\/1BKExgvAi3YNqVixfdqWZv7VFVnJKBfvNZcbyYabAFRY\/edit\" target=\"_blank\" rel=\"noopener\">Global<\/a>, <a href=\"https:\/\/docs.google.com\/document\/d\/1-uyq9gYrXup3ZiP_MLZ_jP8VOqvA8OQ_Tq8mwjXxBfg\/edit\" target=\"_blank\" rel=\"noopener\">Estados Unidos<\/a>, para <a href=\"https:\/\/docs.google.com\/document\/d\/1aebKT4scoA0s2671lGUtyZ1Po1xfmHdUICa-wuFcwN4\/edit\" target=\"_blank\" rel=\"noopener\">Locais de trabalho<\/a>.<\/p>\n<p><b>Pedimos que voc\u00ea compartilhe:<\/b><\/p>\n<ul>\n<li><b>Hist\u00f3rias<\/b><span style=\"font-weight: 400;\">: Reflex\u00f5es pessoais sobre como suas responsabilidades de cuidado \u2014 principalmente quando se trata de cuidar de crian\u00e7as \u2014 mudaram durante a pandemia da COVID-19 e qual apoio voc\u00ea precisa para ser o melhor pai ou cuidador que pode ser.<\/span><\/li>\n<li><b>Estat\u00edsticas<\/b><b>: <\/b><span style=\"font-weight: 400;\">Compartilhe novos dados de pesquisas #HowICare dos EUA, Reino Unido, Canad\u00e1, Filipinas e Qu\u00eania (pr\u00f3ximos lan\u00e7amentos) ou outras estat\u00edsticas nacionais ou internacionais que destacam as realidades, dificuldades e disparidades que pais e cuidadores de crian\u00e7as est\u00e3o enfrentando durante a COVID-19.\u00a0<\/span><\/li>\n<li><b>Perguntas de pol\u00edtica<\/b><b>:<\/b><span style=\"font-weight: 400;\"> Apelar para as pol\u00edticas de apoio que todos os pais e cuidadores precisam, especialmente aqueles que s\u00e3o mais afetados pela COVID-19, como: folgas remuneradas, hor\u00e1rios flex\u00edveis e disposi\u00e7\u00f5es sobre cuidados infantis; e apelar para a meta de os homens realizarem metade do trabalho de cuidados do mundo<\/span><\/li>\n<\/ul>\n<p><b>Veja abaixo as orienta\u00e7\u00f5es para organiza\u00e7\u00f5es, indiv\u00edduos e empregadores sobre como participar:<\/b><\/p>\n<h3>Organiza\u00e7\u00f5es:<\/h3>\n<p><span style=\"font-weight: 400;\">Compartilhe solicita\u00e7\u00f5es de pol\u00edticas de campanha no Twitter (e outras m\u00eddias sociais) usando #HowICare, para pressionar o governo a apoiar pol\u00edticas que abordem desafios de assist\u00eancia, como folga remunerada, impulsionadas por pesquisas sobre opini\u00f5es p\u00fablicas.<\/span><\/p>\n<h3>Indiv\u00edduos:<\/h3>\n<p><span style=\"font-weight: 400;\">Compartilhe desafios e experi\u00eancias sobre o mundo privado do cuidado n\u00e3o remunerado no Twitter (e outras m\u00eddias sociais) usando #HowICare. Isso nos ajuda a informar futuras solicita\u00e7\u00f5es de advocacy, a construir uma comunidade global e a iluminar mudan\u00e7as no cuidado. Tamb\u00e9m pediremos que os indiv\u00edduos entrem em contato com seus representantes para abordar quest\u00f5es de pol\u00edtica, nos EUA.<\/span><\/p>\n<h3>Empregadores:<\/h3>\n<p>Compartilhe exemplos de pol\u00edticas lideradas por empregadores que abordam esses desafios, como folgas remuneradas, impulsionadas por pesquisas sobre opini\u00f5es p\u00fablicas, no Twitter (e outras m\u00eddias sociais) usando #HowICare; Incentive os funcion\u00e1rios (que podem ser pais) a compartilhar suas hist\u00f3rias.<\/p>\n<h1>Acesse o <a href=\"https:\/\/docs.google.com\/document\/d\/1BKExgvAi3YNqVixfdqWZv7VFVnJKBfvNZcbyYabAFRY\/edit\" target=\"_blank\" rel=\"noopener\">Kit de ferramentas para parceiros de campanha global<\/a>\u00a0para saber mais sobre a campanha, a pol\u00edtica e como voc\u00ea pode participar.<\/h1>\n<h1>Acesse o\u00a0<a href=\"https:\/\/docs.google.com\/document\/d\/1-uyq9gYrXup3ZiP_MLZ_jP8VOqvA8OQ_Tq8mwjXxBfg\/edit\" target=\"_blank\" rel=\"noopener\" data-saferedirecturl=\"https:\/\/www.google.com\/url?q=https:\/\/docs.google.com\/document\/d\/1-uyq9gYrXup3ZiP_MLZ_jP8VOqvA8OQ_Tq8mwjXxBfg\/edit&amp;source=gmail&amp;ust=1591879123369000&amp;usg=AFQjCNGyg17_2pHic40IE7WVRAOI3o5cOg\">Kit de ferramentas para parceiros de campanha dos EUA<\/a>.<\/h1>\n<h1>Acesse o\u00a0<a href=\"https:\/\/docs.google.com\/document\/d\/1aebKT4scoA0s2671lGUtyZ1Po1xfmHdUICa-wuFcwN4\/edit?usp=sharing\" target=\"_blank\" rel=\"noopener\" data-saferedirecturl=\"https:\/\/www.google.com\/url?q=https:\/\/docs.google.com\/document\/d\/1aebKT4scoA0s2671lGUtyZ1Po1xfmHdUICa-wuFcwN4\/edit?usp%3Dsharing&amp;source=gmail&amp;ust=1592052987500000&amp;usg=AFQjCNGEPEfBYjDKKQOGezyaGyjzfvxJ2w\">Kit de ferramentas para parceiros de campanha no local de trabalho<\/a>.<\/h1>\n<h1>Se voc\u00ea gostaria de acessar o modelo de relat\u00f3rio adapt\u00e1vel e os arquivos gr\u00e1ficos de m\u00eddia social, conte-nos um pouco sobre voc\u00ea <a href=\"https:\/\/docs.google.com\/forms\/d\/e\/1FAIpQLSfEC7DTgEVbbr7U9tRe0-bzZcu7MoWOhIuW5qQJvGyWFwGMCw\/viewform\" target=\"_blank\" rel=\"noopener\">aqui<\/a>.<\/h1>","protected":false},"excerpt":{"rendered":"<p>Launching Thursday, June 18, before Father\u2019s Day 2020: Join us in showing each other how you care for your children \u2013 as well as your family, your community, and yourself \u2013 and in advocating for support for all parents and caregivers Visit the\u00a0social media toolkit to download #HowICare graphics and messaging. About the #HowICare Campaign&nbsp;<a class=\"read-more-link\" href=\"http:\/\/www.mencare.org\/pt\/what-we-do\/advocacy\/howicare\/\">\u2026<\/a><\/p>","protected":false},"author":173,"featured_media":0,"parent":1860,"menu_order":2,"comment_status":"closed","ping_status":"closed","template":"","meta":{"footnotes":""},"class_list":["post-7149","page","type-page","status-publish","hentry"],"acf":[],"yoast_head":"<!-- This site is optimized with the Yoast SEO plugin v25.9 - https:\/\/yoast.com\/wordpress\/plugins\/seo\/ -->\n<title>#HowICare - MenCare<\/title>\n<meta name=\"robots\" content=\"index, follow, max-snippet:-1, max-image-preview:large, max-video-preview:-1\" \/>\n<link rel=\"canonical\" href=\"http:\/\/www.mencare.org\/pt\/what-we-do\/advocacy\/howicare\/\" \/>\n<meta property=\"og:locale\" content=\"pt_BR\" \/>\n<meta property=\"og:type\" content=\"article\" \/>\n<meta property=\"og:title\" content=\"#HowICare - MenCare\" \/>\n<meta property=\"og:description\" content=\"Launching Thursday, June 18, before Father\u2019s Day 2020: Join us in showing each other how you care for your children \u2013 as well as your family, your community, and yourself \u2013 and in advocating for support for all parents and caregivers Visit the\u00a0social media toolkit to download #HowICare graphics and messaging. About the #HowICare Campaign&nbsp;&hellip;\" \/>\n<meta property=\"og:url\" content=\"http:\/\/www.mencare.org\/pt\/what-we-do\/advocacy\/howicare\/\" \/>\n<meta property=\"og:site_name\" content=\"MenCare\" \/>\n<meta property=\"article:modified_time\" content=\"2021-06-04T20:50:00+00:00\" \/>\n<meta property=\"og:image\" content=\"https:\/\/www.mencare.org\/wp-content\/uploads\/2020\/06\/how-I-care-banner.jpg\" \/>\n<meta name=\"twitter:card\" content=\"summary_large_image\" \/>\n<meta name=\"twitter:label1\" content=\"Est. reading time\" \/>\n\t<meta name=\"twitter:data1\" content=\"6 minutes\" \/>\n<script type=\"application\/ld+json\" class=\"yoast-schema-graph\">{\"@context\":\"https:\/\/schema.org\",\"@graph\":[{\"@type\":\"WebPage\",\"@id\":\"http:\/\/www.mencare.org\/pt\/what-we-do\/advocacy\/howicare\/\",\"url\":\"http:\/\/www.mencare.org\/pt\/what-we-do\/advocacy\/howicare\/\",\"name\":\"#HowICare - MenCare\",\"isPartOf\":{\"@id\":\"https:\/\/www.mencare.org\/#website\"},\"primaryImageOfPage\":{\"@id\":\"http:\/\/www.mencare.org\/pt\/what-we-do\/advocacy\/howicare\/#primaryimage\"},\"image\":{\"@id\":\"http:\/\/www.mencare.org\/pt\/what-we-do\/advocacy\/howicare\/#primaryimage\"},\"thumbnailUrl\":\"https:\/\/www.mencare.org\/wp-content\/uploads\/2020\/06\/how-I-care-banner.jpg\",\"datePublished\":\"2020-06-03T19:43:15+00:00\",\"dateModified\":\"2021-06-04T20:50:00+00:00\",\"breadcrumb\":{\"@id\":\"http:\/\/www.mencare.org\/pt\/what-we-do\/advocacy\/howicare\/#breadcrumb\"},\"inLanguage\":\"pt-BR\",\"potentialAction\":[{\"@type\":\"ReadAction\",\"target\":[\"http:\/\/www.mencare.org\/pt\/what-we-do\/advocacy\/howicare\/\"]}]},{\"@type\":\"ImageObject\",\"inLanguage\":\"pt-BR\",\"@id\":\"http:\/\/www.mencare.org\/pt\/what-we-do\/advocacy\/howicare\/#primaryimage\",\"url\":\"https:\/\/www.mencare.org\/wp-content\/uploads\/2020\/06\/how-I-care-banner.jpg\",\"contentUrl\":\"https:\/\/www.mencare.org\/wp-content\/uploads\/2020\/06\/how-I-care-banner.jpg\"},{\"@type\":\"BreadcrumbList\",\"@id\":\"http:\/\/www.mencare.org\/pt\/what-we-do\/advocacy\/howicare\/#breadcrumb\",\"itemListElement\":[{\"@type\":\"ListItem\",\"position\":1,\"name\":\"Home\",\"item\":\"https:\/\/www.mencare.org\/\"},{\"@type\":\"ListItem\",\"position\":2,\"name\":\"What We Do\",\"item\":\"https:\/\/www.mencare.org\/pt\/what-we-do\/\"},{\"@type\":\"ListItem\",\"position\":3,\"name\":\"Advocacy\",\"item\":\"https:\/\/www.mencare.org\/pt\/what-we-do\/advocacy\/\"},{\"@type\":\"ListItem\",\"position\":4,\"name\":\"#HowICare\"}]},{\"@type\":\"WebSite\",\"@id\":\"https:\/\/www.mencare.org\/#website\",\"url\":\"https:\/\/www.mencare.org\/\",\"name\":\"MenCare\",\"description\":\"A Global Fatherhood Campaign\",\"potentialAction\":[{\"@type\":\"SearchAction\",\"target\":{\"@type\":\"EntryPoint\",\"urlTemplate\":\"https:\/\/www.mencare.org\/?s={search_term_string}\"},\"query-input\":{\"@type\":\"PropertyValueSpecification\",\"valueRequired\":true,\"valueName\":\"search_term_string\"}}],\"inLanguage\":\"pt-BR\"}]}<\/script>\n<!-- \/ Yoast SEO plugin. -->","yoast_head_json":{"title":"#HowICare - MenCare","robots":{"index":"index","follow":"follow","max-snippet":"max-snippet:-1","max-image-preview":"max-image-preview:large","max-video-preview":"max-video-preview:-1"},"canonical":"http:\/\/www.mencare.org\/pt\/what-we-do\/advocacy\/howicare\/","og_locale":"pt_BR","og_type":"article","og_title":"#HowICare - MenCare","og_description":"Launching Thursday, June 18, before Father\u2019s Day 2020: Join us in showing each other how you care for your children \u2013 as well as your family, your community, and yourself \u2013 and in advocating for support for all parents and caregivers Visit the\u00a0social media toolkit to download #HowICare graphics and messaging. About the #HowICare Campaign&nbsp;&hellip;","og_url":"http:\/\/www.mencare.org\/pt\/what-we-do\/advocacy\/howicare\/","og_site_name":"MenCare","article_modified_time":"2021-06-04T20:50:00+00:00","og_image":[{"url":"https:\/\/www.mencare.org\/wp-content\/uploads\/2020\/06\/how-I-care-banner.jpg","type":"","width":"","height":""}],"twitter_card":"summary_large_image","twitter_misc":{"Est. reading time":"6 minutes"},"schema":{"@context":"https:\/\/schema.org","@graph":[{"@type":"WebPage","@id":"http:\/\/www.mencare.org\/pt\/what-we-do\/advocacy\/howicare\/","url":"http:\/\/www.mencare.org\/pt\/what-we-do\/advocacy\/howicare\/","name":"#HowICare - MenCare","isPartOf":{"@id":"https:\/\/www.mencare.org\/#website"},"primaryImageOfPage":{"@id":"http:\/\/www.mencare.org\/pt\/what-we-do\/advocacy\/howicare\/#primaryimage"},"image":{"@id":"http:\/\/www.mencare.org\/pt\/what-we-do\/advocacy\/howicare\/#primaryimage"},"thumbnailUrl":"https:\/\/www.mencare.org\/wp-content\/uploads\/2020\/06\/how-I-care-banner.jpg","datePublished":"2020-06-03T19:43:15+00:00","dateModified":"2021-06-04T20:50:00+00:00","breadcrumb":{"@id":"http:\/\/www.mencare.org\/pt\/what-we-do\/advocacy\/howicare\/#breadcrumb"},"inLanguage":"pt-BR","potentialAction":[{"@type":"ReadAction","target":["http:\/\/www.mencare.org\/pt\/what-we-do\/advocacy\/howicare\/"]}]},{"@type":"ImageObject","inLanguage":"pt-BR","@id":"http:\/\/www.mencare.org\/pt\/what-we-do\/advocacy\/howicare\/#primaryimage","url":"https:\/\/www.mencare.org\/wp-content\/uploads\/2020\/06\/how-I-care-banner.jpg","contentUrl":"https:\/\/www.mencare.org\/wp-content\/uploads\/2020\/06\/how-I-care-banner.jpg"},{"@type":"BreadcrumbList","@id":"http:\/\/www.mencare.org\/pt\/what-we-do\/advocacy\/howicare\/#breadcrumb","itemListElement":[{"@type":"ListItem","position":1,"name":"Home","item":"https:\/\/www.mencare.org\/"},{"@type":"ListItem","position":2,"name":"What We Do","item":"https:\/\/www.mencare.org\/pt\/what-we-do\/"},{"@type":"ListItem","position":3,"name":"Advocacy","item":"https:\/\/www.mencare.org\/pt\/what-we-do\/advocacy\/"},{"@type":"ListItem","position":4,"name":"#HowICare"}]},{"@type":"WebSite","@id":"https:\/\/www.mencare.org\/#website","url":"https:\/\/www.mencare.org\/","name":"Cuidados com os homens","description":"Uma Campanha Global de Paternidade","potentialAction":[{"@type":"SearchAction","target":{"@type":"EntryPoint","urlTemplate":"https:\/\/www.mencare.org\/?s={search_term_string}"},"query-input":{"@type":"PropertyValueSpecification","valueRequired":true,"valueName":"search_term_string"}}],"inLanguage":"pt-BR"}]}},"_links":{"self":[{"href":"http:\/\/www.mencare.org\/pt\/wp-json\/wp\/v2\/pages\/7149","targetHints":{"allow":["GET"]}}],"collection":[{"href":"http:\/\/www.mencare.org\/pt\/wp-json\/wp\/v2\/pages"}],"about":[{"href":"http:\/\/www.mencare.org\/pt\/wp-json\/wp\/v2\/types\/page"}],"author":[{"embeddable":true,"href":"http:\/\/www.mencare.org\/pt\/wp-json\/wp\/v2\/users\/173"}],"replies":[{"embeddable":true,"href":"http:\/\/www.mencare.org\/pt\/wp-json\/wp\/v2\/comments?post=7149"}],"version-history":[{"count":3,"href":"http:\/\/www.mencare.org\/pt\/wp-json\/wp\/v2\/pages\/7149\/revisions"}],"predecessor-version":[{"id":7318,"href":"http:\/\/www.mencare.org\/pt\/wp-json\/wp\/v2\/pages\/7149\/revisions\/7318"}],"up":[{"embeddable":true,"href":"http:\/\/www.mencare.org\/pt\/wp-json\/wp\/v2\/pages\/1860"}],"wp:attachment":[{"href":"http:\/\/www.mencare.org\/pt\/wp-json\/wp\/v2\/media?parent=7149"}],"curies":[{"name":"wp","href":"https:\/\/api.w.org\/{rel}","templated":true}]}}